{"version":"1.0","provider_name":"InfoAmazonia","provider_url":"https:\/\/infoamazonia.org\/es\/","author_name":"Catalina Sanabria","author_url":"https:\/\/infoamazonia.org\/es\/author\/catalina-sanabria\/","title":"Entrevista con un cient\u00edfico que conoce bien los desaf\u00edos de la Amazonia","type":"rich","width":600,"height":338,"html":"<blockquote class=\"wp-embedded-content\" data-secret=\"3gh38ezKgY\"><a href=\"https:\/\/infoamazonia.org\/es\/2025\/05\/12\/208638\/\">Entrevista con un cient\u00edfico que conoce bien los desaf\u00edos de la Amazonia<\/a><\/blockquote><iframe sandbox=\"allow-scripts\" security=\"restricted\" src=\"https:\/\/infoamazonia.org\/es\/2025\/05\/12\/208638\/embed\/#?secret=3gh38ezKgY\" width=\"600\" height=\"338\" title=\"\u00abEntrevista con un cient\u00edfico que conoce bien los desaf\u00edos de la Amazonia\u00bb \u2014 InfoAmazonia\" data-secret=\"3gh38ezKgY\" frameborder=\"0\" marginwidth=\"0\" marginheight=\"0\" scrolling=\"no\" class=\"wp-embedded-content\"><\/iframe><script>\n\/*! This file is auto-generated *\/\n!function(d,l){\"use strict\";l.querySelector&&d.addEventListener&&\"undefined\"!=typeof URL&&(d.wp=d.wp||{},d.wp.receiveEmbedMessage||(d.wp.receiveEmbedMessage=function(e){var t=e.data;if((t||t.secret||t.message||t.value)&&!\/[^a-zA-Z0-9]\/.test(t.secret)){for(var s,r,n,a=l.querySelectorAll('iframe[data-secret=\"'+t.secret+'\"]'),o=l.querySelectorAll('blockquote[data-secret=\"'+t.secret+'\"]'),c=new RegExp(\"^https?:$\",\"i\"),i=0;i<o.length;i++)o[i].style.display=\"none\";for(i=0;i<a.length;i++)s=a[i],e.source===s.contentWindow&&(s.removeAttribute(\"style\"),\"height\"===t.message?(1e3<(r=parseInt(t.value,10))?r=1e3:~~r<200&&(r=200),s.height=r):\"link\"===t.message&&(r=new URL(s.getAttribute(\"src\")),n=new URL(t.value),c.test(n.protocol))&&n.host===r.host&&l.activeElement===s&&(d.top.location.href=t.value))}},d.addEventListener(\"message\",d.wp.receiveEmbedMessage,!1),l.addEventListener(\"DOMContentLoaded\",function(){for(var e,t,s=l.querySelectorAll(\"iframe.wp-embedded-content\"),r=0;r<s.length;r++)(t=(e=s[r]).getAttribute(\"data-secret\"))||(t=Math.random().toString(36).substring(2,12),e.src+=\"#?secret=\"+t,e.setAttribute(\"data-secret\",t)),e.contentWindow.postMessage({message:\"ready\",secret:t},\"*\")},!1)))}(window,document);\n\/\/# sourceURL=https:\/\/infoamazonia.org\/wp-includes\/js\/wp-embed.min.js\n<\/script>\n","thumbnail_url":"https:\/\/infoamazonia.org\/wp-content\/uploads\/2025\/05\/Philip-Fearnside_no_INPA_2022-e1747250583308.jpg","thumbnail_width":1024,"thumbnail_height":480,"description":"El ec\u00f3logo Philip Fearnside decidi\u00f3 irse a vivir a Manaos, en la Amazonia brasilera, y, desde ah\u00ed, estudiar a esta regi\u00f3n, que no pasa por un buen momento. Hoy todos los ojos est\u00e1n puestos sobre ella, pues faltan pocos meses para que all\u00ed se celebre la COP30, la cumbre m\u00e1s importante de cambio clim\u00e1tico. Para este acad\u00e9mico, hay un camino largo por recorrer para evitar llegar a un colapso irreversible."}